{"id":218,"date":"2018-04-13T01:56:27","date_gmt":"2018-04-13T01:56:27","guid":{"rendered":"http:\/\/selimkusmez.com\/ornek\/?page_id=218"},"modified":"2022-03-13T12:29:31","modified_gmt":"2022-03-13T09:29:31","slug":"ornek-yemek","status":"publish","type":"page","link":"https:\/\/ornekyemek.com.tr\/?page_id=218","title":{"rendered":"Kurumsal"},"content":{"rendered":"<p>[vc_row][vc_column][vc_single_image image=&#8221;2223&#8243; img_size=&#8221;full&#8221; el_class=&#8221;border-radius-10&#8243;]\r\n\t\t<div class=\"themesflat-spacer \" data-desktop=\"20\" data-mobile=\"20\" data-smobile=\"20\">\t\t\t\r\n\t\t<\/div>[vc_column_text el_class=&#8221;text-services&#8221;]1986 y\u0131l\u0131nda \u00d6rnek Yemek sanayi ad\u0131 alt\u0131nda kurumsal catering hizmeti vermek amac\u0131yla kurulan tesis 4.500 metrekare kapal\u0131 alan i\u00e7erisinde en son teknoloji ekipmanlarla donat\u0131lm\u0131\u015ft\u0131r. G\u00fcnl\u00fck ta\u015f\u0131ma yemek \u00fcretim kapasitesi 30.000 ki\u015fi olan tesisimizde, Bursa\u2019n\u0131n se\u00e7kin i\u015fletme , okul , hastane ve kamu kurulu\u015flar\u0131n\u0131n haz\u0131r yemek ihtiya\u00e7lar\u0131n\u0131 kar\u015f\u0131lamaktad\u0131r.<\/p>\n<p>Bunun yan\u0131nda m\u00fc\u015fterilerimizin talepleri do\u011frultusunda kendi i\u00e7 b\u00fcnyelerinde yerinde \u00fcretim projeleri ile profesyonel kadrosu ile hizmet etmektedir.<\/p>\n<p>G\u00fcn\u00fcm\u00fczde toplu yemek sekt\u00f6r\u00fc dahil t\u00fcm firmalarda ba\u015far\u0131n\u0131n anahtar\u0131 rekabet g\u00fcc\u00fc oldu\u011fu i\u00e7in, \u00e7a\u011fda\u015f y\u00f6netim modellerini benimseyen ve uygulayan \u00d6RNEK YEMEK; verimlilik, kalite, m\u00fc\u015fteri odakl\u0131 olma ve inovasyon gibi \u00f6zellikleri \u00f6n planda tutmaktad\u0131r.[\/vc_column_text]\r\n\t\t<div class=\"themesflat-spacer \" data-desktop=\"30\" data-mobile=\"20\" data-smobile=\"20\">\t\t\t\r\n\t\t<\/div>[\/vc_column][\/vc_row][vc_row][vc_column]<div class=\"title-section style1  left \">\r\n\t\t\r\n\t\t<h2 class=\"title\" style=\"\r\n\t\t\tfont-size: 20px;\r\n\t\t\tfont-weight: 500;\r\n\t\t\tline-height: 36px;\r\n\t\t\tcolor: #111111;\r\n\t\t\tmargin-bottom: 5px;\r\n\t\t\tletter-spacing: 0px;\r\n\t\t\">\r\n\t\t\tMisyon &amp; Vizyon\r\n\t\t<\/h2>\t\r\n\t\t<div class=\"title-line\"><\/div>\t\t\t\r\n\t\t\r\n\r\n\t<\/div>[\/vc_column][\/vc_row][vc_row][vc_column width=&#8221;1\/2&#8243;][vc_column_text el_class=&#8221;text-services&#8221;]<em><strong>Misyonumuz;<\/strong><\/em> T\u00fcrk mutfa\u011f\u0131m\u0131z\u0131n de\u011ferlerine sahip \u00e7\u0131karak Kalite ve Hijyeni \u00f6n planda tutmak, inovatif \u00e7al\u0131\u015fmalar\u0131 yak\u0131ndan takip ederek yeni teknolojileri sekt\u00f6re kazand\u0131ran \u00f6nc\u00fc kurulu\u015f olmak.[\/vc_column_text][\/vc_column][vc_column width=&#8221;1\/2&#8243;][vc_column_text el_class=&#8221;text-services&#8221;]<em><strong>Vizyonumuz;<\/strong><\/em> geleneksel T\u00fcrk Mutfa\u011f\u0131n\u0131n e\u015fsiz lezzetlerini sunan Tad\u0131 ile Damaklarda, Hizmeti ile G\u00f6n\u00fcllerde iz b\u0131rakan sekt\u00f6r\u00fcn G\u00fcven veren kurulu\u015fu olmak.[\/vc_column_text][\/vc_column][\/vc_row][vc_row][vc_column]\r\n\t\t<div class=\"themesflat-spacer \" data-desktop=\"30\" data-mobile=\"20\" data-smobile=\"20\">\t\t\t\r\n\t\t<\/div>[\/vc_column][\/vc_row][vc_row][vc_column width=&#8221;1\/4&#8243;][vc_single_image image=&#8221;2217&#8243; img_size=&#8221;full&#8221; onclick=&#8221;link_image&#8221;][\/vc_column][vc_column width=&#8221;1\/4&#8243;][vc_single_image image=&#8221;2218&#8243; img_size=&#8221;full&#8221; onclick=&#8221;link_image&#8221;][\/vc_column][vc_column width=&#8221;1\/4&#8243;][vc_single_image image=&#8221;2219&#8243; img_size=&#8221;full&#8221; onclick=&#8221;link_image&#8221;][\/vc_column][vc_column width=&#8221;1\/4&#8243;][vc_single_image image=&#8221;2220&#8243; img_size=&#8221;full&#8221; onclick=&#8221;link_image&#8221;][\/vc_column][\/vc_row][vc_row][vc_column]\r\n\t\t<div class=\"themesflat-spacer \" data-desktop=\"30\" data-mobile=\"20\" data-smobile=\"20\">\t\t\t\r\n\t\t<\/div>[\/vc_column][\/vc_row][vc_row][vc_column width=&#8221;1\/2&#8243;]<div class=\"title-section style1  left \">\r\n\t\t\r\n\t\t<h2 class=\"title\" style=\"\r\n\t\t\tfont-size: 20px;\r\n\t\t\tfont-weight: 500;\r\n\t\t\tline-height: 36px;\r\n\t\t\tcolor: #111111;\r\n\t\t\tmargin-bottom: 5px;\r\n\t\t\tletter-spacing: 0px;\r\n\t\t\">\r\n\t\t\tDe\u011ferlerimiz\r\n\t\t<\/h2>\t\r\n\t\t<div class=\"title-line\"><\/div>\t\t\t\r\n\t\t\r\n\r\n\t<\/div>[vc_column_text]<\/p>\n<ul class=\"primary-list\">\n<li>G\u00fcvenirlilik<\/li>\n<li>\u015eeffafl\u0131k<\/li>\n<li>Kalite ve hijyen<\/li>\n<li>Beklentilere h\u0131zl\u0131 \u00e7\u00f6z\u00fcm<\/li>\n<li>Operasyonel m\u00fckemmellik<\/li>\n<li>Do\u011faya ve do\u011fala verilen \u00f6nem<\/li>\n<li>G\u0131da israf\u0131na kar\u015f\u0131 hassasiyet<\/li>\n<li>Gelecek nesile verilen \u00f6nem<\/li>\n<\/ul>\n<p>[\/vc_column_text]\r\n\t\t<div class=\"themesflat-spacer \" data-desktop=\"0\" data-mobile=\"30\" data-smobile=\"30\">\t\t\t\r\n\t\t<\/div>[\/vc_column][vc_column width=&#8221;1\/2&#8243;]<div class=\"title-section style1  left \">\r\n\t\t\r\n\t\t<h2 class=\"title\" style=\"\r\n\t\t\tfont-size: 20px;\r\n\t\t\tfont-weight: 500;\r\n\t\t\tline-height: 36px;\r\n\t\t\tcolor: #111111;\r\n\t\t\tmargin-bottom: 5px;\r\n\t\t\tletter-spacing: 0px;\r\n\t\t\">\r\n\t\t\tPersonel Say\u0131s\u0131\r\n\t\t<\/h2>\t\r\n\t\t<div class=\"title-line\"><\/div>\t\t\t\r\n\t\t\r\n\r\n\t<\/div>[vc_round_chart style=&#8221;modern&#8221; stroke_width=&#8221;5&#8243; stroke_color=&#8221;custom&#8221; values=&#8221;%5B%7B%22title%22%3A%22Beyaz%20Yaka%20(Bay)%22%2C%22value%22%3A%2212%22%2C%22color%22%3A%22mulled-wine%22%7D%2C%7B%22title%22%3A%22Beyaz%20Yaka%20(Bayan)%22%2C%22value%22%3A%2210%22%2C%22color%22%3A%22chino%22%7D%2C%7B%22title%22%3A%22Mavi%20Yaka%20(Bay)%22%2C%22value%22%3A%22106%22%2C%22color%22%3A%22blue%22%2C%22custom_color%22%3A%22%2358b9da%22%7D%2C%7B%22title%22%3A%22Mavi%20Yaka%20(Bayan)%22%2C%22value%22%3A%2284%22%2C%22color%22%3A%22sky%22%2C%22custom_color%22%3A%22%238d6dc4%22%7D%5D&#8221;][\/vc_column][\/vc_row][vc_row][vc_column]\r\n\t\t<div class=\"themesflat-spacer \" data-desktop=\"12\" data-mobile=\"12\" data-smobile=\"10\">\t\t\t\r\n\t\t<\/div>[vc_tta_accordion active_section=&#8221;&#8221; el_class=&#8221;accordion style2&#8243;][vc_tta_section i_icon_fontawesome=&#8221;fas fa-angle-double-down&#8221; add_icon=&#8221;true&#8221; title=&#8221;KAL\u0130TE VE GIDA G\u00dcVENL\u0130\u011e\u0130 POL\u0130T\u0130KAMIZ&#8221; tab_id=&#8221;1523584775349-5c165a2a-f950&#8243;][vc_column_text]\u00d6rnek Yemek San. Tic. Ltd. \u015eti. olarak \u00f6ncelikli amac\u0131m\u0131z; m\u00fc\u015fterilerimize temiz ve sa\u011fl\u0131kl\u0131 ko\u015fullarda lezzetli kaliteli yemek \u00fcretmek ve m\u00fc\u015fteri memnuniyetini prensip edinerek dengeli ve yeterli beslenen toplum olu\u015fumuna katk\u0131da bulunmakt\u0131r.<\/p>\n<p>\u2022 M\u00fc\u015fteri talep ve beklentileri do\u011frultusunda kalite ve g\u0131da g\u00fcvenli\u011fi y\u00f6netim sistemimizi s\u00fcrekli y\u00fckseltmek ve geli\u015ftirmek.<br \/>\n\u2022 \u00dcr\u00fcn ve hizmet kalitesini artt\u0131rmak i\u00e7in gereken bilimsel ve teknolojik geli\u015fmeleri takip etmek.<br \/>\n\u2022 Hijyen ve sanitasyon kurallar\u0131na uymak ve korumak.<br \/>\n\u2022 Mevzuatlara, yasal \u015fartlara, m\u00fc\u015fteri \u015fartlar\u0131na ve standartlar\u0131na uymak.<br \/>\n\u2022 \u00c7evreye sayg\u0131l\u0131 olmak.<br \/>\n\u2022 Tedarik\u00e7ilerimizle i\u015f birli\u011fimizi en \u00fcst d\u00fczeyde tutmak ve tedarik\u00e7ilerimizi de\u011ferlendirerek hizmet kalitesini s\u00fcrekli y\u00fckseltmek.<br \/>\n\u2022 T\u00fcm \u00e7al\u0131\u015fanlar\u0131m\u0131z\u0131 e\u011fiterek toplumsal kalite ve g\u0131da g\u00fcvenli\u011fi bilincini yerle\u015ftirmek ve geli\u015ftirmek.<\/p>\n<p>\u00d6rnek Yemek San. Tic. Ltd. \u015eti. \u00e7al\u0131\u015fanlar\u0131 olarak bizler yukar\u0131da belirtilen ilkeler \u0131\u015f\u0131\u011f\u0131nda i\u015fimizi s\u00fcrekli geli\u015ftirmeyi iyile\u015ftirmeyi m\u00fc\u015fteri taleplerini yerine getirmeyi taahh\u00fct ederiz.[\/vc_column_text][\/vc_tta_section][vc_tta_section i_icon_fontawesome=&#8221;fas fa-angle-double-down&#8221; add_icon=&#8221;true&#8221; title=&#8221;\u0130\u015e SA\u011eLI\u011eI VE G\u00dcVENL\u0130\u011e\u0130 POL\u0130T\u0130KAMIZ&#8221; tab_id=&#8221;1523584775361-05c5b996-4560&#8243;][vc_column_text]\u00d6rnek Yemek San. Tic. Ltd. \u015eti. olarak t\u00fcm \u00e7al\u0131\u015fanlar\u0131m\u0131zda i\u015f sa\u011fl\u0131\u011f\u0131 ve g\u00fcvenli\u011fi konular\u0131nda gereken bilin\u00e7 ve k\u00fclt\u00fcr\u00fcn olu\u015fturulmas\u0131 hedefi ve t\u00fcm i\u015f kazalar\u0131n\u0131n ve meslek hastal\u0131klar\u0131n\u0131n \u00f6nlenebilir oldu\u011fu inanc\u0131 ile hareket etmekteyiz. bu anlay\u0131\u015fla \u00e7al\u0131\u015fmalar\u0131m\u0131za y\u00f6n veriyor, kendimizi s\u00fcrekli iyile\u015ftiriyor ve a\u015fa\u011f\u0131daki ilkelere g\u00f6re hareket ediyoruz.<\/p>\n<p>\u2022 \u00c7al\u0131\u015fmalar\u0131n s\u00fcreklili\u011fi ad\u0131na ohsas 18001 y\u00f6netim sisteminin \u015fartlar\u0131n\u0131 sa\u011flayan bir isg sistemi kurmak.<br \/>\n\u2022 T\u00fcm faaliyetlerimizde i\u015f sa\u011fl\u0131\u011f\u0131 ve g\u00fcvenli\u011fi ile ilgili yasal d\u00fczenlemelere uymak.<br \/>\n\u2022 T\u00fcm \u00e7al\u0131\u015fanlar\u0131m\u0131z\u0131n sa\u011fl\u0131k ve g\u00fcvenli\u011fini sa\u011flamak ad\u0131na e\u011fitmek ve bilin\u00e7lendirmek.<br \/>\n\u2022 T\u00fcm \u00e7al\u0131\u015fanlar\u0131m\u0131z\u0131n, tedarik\u00e7ilerimizin ve ziyaret\u00e7ilerimizin olu\u015fturulan isg kurallar\u0131na uymalar\u0131n\u0131 sa\u011flamak.<br \/>\n\u2022 \u0130\u015fletmelerimizde i\u015f kazas\u0131 ve meslek hastal\u0131\u011f\u0131 do\u011frabilecek etkenleri \u00f6nceden tespit etmek ve ortadan kald\u0131rmak.<br \/>\n\u2022 ISG y\u00f6netim sisteminin performans\u0131n\u0131 \u00f6l\u00e7mek ve performans\u0131 artt\u0131rmak ad\u0131na \u00e7al\u0131\u015fmalar yapmak.<br \/>\n\u2022 \u0130\u015f sa\u011fl\u0131\u011f\u0131 ve g\u00fcvenli\u011fi konusunda teknolojik geli\u015fmeleri takip etmek ve yat\u0131r\u0131mlar\u0131m\u0131z\u0131 ona g\u00f6re y\u00f6nlendirmek.<br \/>\n\u2022 T\u00fcm s\u00fcre\u00e7lerimize \u00e7al\u0131\u015fanlar\u0131m\u0131z\u0131n ve tedarik\u00e7ilerimizin kat\u0131l\u0131m\u0131n\u0131 sa\u011flamak.<\/p>\n<p>Bu do\u011frultuda i\u015fletmelerimizde sa\u011fl\u0131kl\u0131 bir \u00e7al\u0131\u015fma ortam\u0131n\u0131n sa\u011flanmas\u0131 ad\u0131na \u00e7al\u0131\u015fmalar\u0131m\u0131za s\u00fcrekli devam edece\u011fimizi taahh\u00fct etmekteyiz.[\/vc_column_text][\/vc_tta_section][vc_tta_section i_icon_fontawesome=&#8221;fas fa-angle-double-down&#8221; add_icon=&#8221;true&#8221; title=&#8221;\u00c7EVRE Y\u00d6NET\u0130M POL\u0130T\u0130KAMIZ&#8221; tab_id=&#8221;1523585057960-24de8ebc-1e0e&#8221;][vc_column_text]\u00d6rnek Yemek San. Tic. Ltd. \u015eti. olarak amac\u0131m\u0131z, b\u00fcnyemizde uygulamakta oldu\u011fumuz Entegre Y\u00f6netim Sistemleri\u2019nin ayr\u0131lmaz par\u00e7as\u0131 olan \u201cISO 14001 \u00c7evre Y\u00f6netim Sistemi\u2019nin\u201d benimsenmesi, kurulmas\u0131, uygulanmas\u0131 ve s\u00fcrekli iyile\u015ftirme y\u00f6ntemiyle geli\u015ftirilmesidir.<\/p>\n<p>Yasal \u015fart ve mevzuatlara uygun \u00fcr\u00fcn ve hizmetlerimizin ger\u00e7ekle\u015ftirilmesi ve sunumunda; kirlili\u011fin \u00f6nlenmesini ve s\u00fcrd\u00fcr\u00fclebilirli\u011fi sa\u011flayarak, sosyal sorumluluk bilinciyle \u00e7evre dostu bir kurum olabilmeyi taahh\u00fct ederiz.<\/p>\n<p>Bu taahh\u00fcd\u00fcm\u00fcz\u00fc ger\u00e7ekle\u015ftirirken;<\/p>\n<p>\u2022 \u00c7evreye yapt\u0131\u011f\u0131m\u0131z etkileri belirliyoruz ve kontrol alt\u0131na al\u0131yoruz.<br \/>\n\u2022 Kirlilik ile ilgili risklere acil durumlara (yang\u0131n, patlama sel, deprem, s\u0131z\u0131nt\u0131, vb.) haz\u0131rl\u0131kl\u0131y\u0131z ve \u00e7evresel yasal d\u00fczenlemelere uyuyoruz.<br \/>\n\u2022 At\u0131klar\u0131m\u0131z\u0131 minimuma indirmeye, kirlili\u011fi kayna\u011f\u0131nda \u00f6nlemeye, enerjiyi verimli kullanmaya ve faaliyetlerimizin \u00e7evre \u00fczerindeki olumsuz etkilerini azaltmaya \u00e7aba g\u00f6steriyoruz.<br \/>\n\u2022 At\u0131k ayr\u0131\u015ft\u0131rma ve at\u0131k miktar\u0131n\u0131n azalt\u0131lmas\u0131, do\u011fal kaynaklar\u0131n verimli kullan\u0131lmas\u0131 vb. faaliyetlerle s\u00fcrekli \u00e7evresel performans\u0131m\u0131z\u0131 iyile\u015ftiriyoruz.<br \/>\n\u2022 At\u0131klar\u0131n geri d\u00f6n\u00fc\u015f\u00fcm\/ bertaraf a\u015famas\u0131na kadar takibini yap\u0131yoruz.<br \/>\n\u2022 \u00c7al\u0131\u015fanlar\u0131m\u0131z\u0131 tehlikeli kimyasallar\u0131n d\u00f6k\u00fclmesi durumunda alacaklar\u0131 tedbirler konusunda e\u011fitiyoruz.<br \/>\n\u2022 \u00c7al\u0131\u015fanlar\u0131m\u0131z\u0131 \u00e7evreye kar\u015f\u0131 duyarl\u0131 olmalar\u0131 konusunda te\u015fvik ediyoruz, \u00e7al\u0131\u015fanlar\u0131m\u0131za \u00e7evre bilinci ve enerjinin verimli kullan\u0131lmas\u0131 ile ilgili bilin\u00e7lendirme e\u011fitimleri vererek onlar\u0131 geli\u015ftiriyoruz.<br \/>\n\u2022 Tedarik\u00e7ilerimizi enerji verimlili\u011fi \u00e7al\u0131\u015fmalar\u0131 konusunda bilin\u00e7lendiriyor ve te\u015fvik ediyoruz.[\/vc_column_text][\/vc_tta_section][\/vc_tta_accordion][\/vc_column][\/vc_row]<\/p>\n","protected":false},"excerpt":{"rendered":"<p>[vc_row][vc_column][vc_single_image image=&#8221;2223&#8243; img_size=&#8221;full&#8221; el_class=&#8221;border-radius-10&#8243;][vc_column_text el_class=&#8221;text-services&#8221;]1986 y\u0131l\u0131nda \u00d6rnek Yemek sanayi ad\u0131 alt\u0131nda kurumsal catering hizmeti vermek amac\u0131yla kurulan tesis 4.500 metrekare kapal\u0131 alan i\u00e7erisinde en son teknoloji ekipmanlarla donat\u0131lm\u0131\u015ft\u0131r. G\u00fcnl\u00fck ta\u015f\u0131ma yemek \u00fcretim kapasitesi 30.000 ki\u015fi olan tesisimizde, Bursa\u2019n\u0131n se\u00e7kin i\u015fletme , okul , hastane ve kamu kurulu\u015flar\u0131n\u0131n haz\u0131r yemek ihtiya\u00e7lar\u0131n\u0131 kar\u015f\u0131lamaktad\u0131r. Bunun yan\u0131nda m\u00fc\u015fterilerimizin talepleri do\u011frultusunda kendi [&hellip;]<\/p>\n","protected":false},"author":1,"featured_media":0,"parent":0,"menu_order":0,"comment_status":"closed","ping_status":"closed","template":"","meta":[],"_links":{"self":[{"href":"https:\/\/ornekyemek.com.tr\/index.php?rest_route=\/wp\/v2\/pages\/218"}],"collection":[{"href":"https:\/\/ornekyemek.com.tr\/index.php?rest_route=\/wp\/v2\/pages"}],"about":[{"href":"https:\/\/ornekyemek.com.tr\/index.php?rest_route=\/wp\/v2\/types\/page"}],"author":[{"embeddable":true,"href":"https:\/\/ornekyemek.com.tr\/index.php?rest_route=\/wp\/v2\/users\/1"}],"replies":[{"embeddable":true,"href":"https:\/\/ornekyemek.com.tr\/index.php?rest_route=%2Fwp%2Fv2%2Fcomments&post=218"}],"version-history":[{"count":47,"href":"https:\/\/ornekyemek.com.tr\/index.php?rest_route=\/wp\/v2\/pages\/218\/revisions"}],"predecessor-version":[{"id":2376,"href":"https:\/\/ornekyemek.com.tr\/index.php?rest_route=\/wp\/v2\/pages\/218\/revisions\/2376"}],"wp:attachment":[{"href":"https:\/\/ornekyemek.com.tr\/index.php?rest_route=%2Fwp%2Fv2%2Fmedia&parent=218"}],"curies":[{"name":"wp","href":"https:\/\/api.w.org\/{rel}","templated":true}]}}