{"id":2301,"date":"2021-08-24T22:42:12","date_gmt":"2021-08-24T19:42:12","guid":{"rendered":"http:\/\/selimkusmez.com\/ornek\/?page_id=2301"},"modified":"2021-09-13T15:14:50","modified_gmt":"2021-09-13T12:14:50","slug":"outside-catering","status":"publish","type":"page","link":"https:\/\/ornekyemek.com.tr\/?page_id=2301","title":{"rendered":"Outside Catering"},"content":{"rendered":"<p>[vc_row][vc_column]<div class=\"title-section   left \">\r\n\t\t\r\n\t\t<h2 class=\"title\" style=\"\r\n\t\t\tfont-size: 36px;\r\n\t\t\tfont-weight: 700;\r\n\t\t\tline-height: 36px;\r\n\t\t\tcolor: #111111;\r\n\t\t\tmargin-bottom: 2px;\r\n\t\t\tletter-spacing: 0px;\r\n\t\t\">\r\n\t\t\t\r\n\t\t<\/h2>\t\r\n\t\t\t\t\t\r\n\t\t\r\n\t\t\t<div class=\"title-content\" style=\"\r\n\t\t\tfont-size: 15px;\r\n\t\t\tline-height: 36px;\r\n\t\t\tcolor: #999999;\r\n\t\t\tfont-weight: 400;\r\n\t\t\tletter-spacing: 0px;\r\n\t\t\">\r\n\t\t\t\t<p>\u0130ster kurumsal ister bireysel; a\u00e7\u0131l\u0131\u015f t\u00f6renleri, d\u00fc\u011f\u00fcn, balo, \u00f6zel davet, garden party, piknik, mangal party gibi t\u00fcm etkinlik taleplerinizde profesyonel kadromuz, zengin alternatif men\u00fclerimiz, Modern sunum ekipmanlar\u0131m\u0131z ile diledi\u011finiz yer ve zamanda sizinle birlikte misafirlerinize kusursuz hizmetimiz ile \u00d6ZEN\u2019le \u00e7al\u0131\u015f\u0131yor \u00d6RNEK lezzetler sunarak ev sahipli\u011fi yap\u0131yoruz.<\/p>\n\r\n\t\t\t<\/div>\r\n\r\n\t<\/div>\r\n\t\t<div class=\"themesflat-spacer \" data-desktop=\"30\" data-mobile=\"10\" data-smobile=\"10\">\t\t\t\r\n\t\t<\/div>[\/vc_column][\/vc_row][vc_row full_width=&#8221;stretch_row_content_no_spaces&#8221;][vc_column][vc_single_image image=&#8221;2302&#8243; img_size=&#8221;full&#8221; alignment=&#8221;center&#8221;]\r\n\t\t<div class=\"themesflat-spacer \" data-desktop=\"30\" data-mobile=\"10\" data-smobile=\"10\">\t\t\t\r\n\t\t<\/div>[\/vc_column][\/vc_row][vc_row][vc_column][vc_column_text el_class=&#8221;about-text-box&#8221;]<\/p>\n<ul class=\"one-half\">\n<li>Hijyenik Ko\u015fularda \u00dcretim<\/li>\n<li>Lezzetli Yemekler<\/li>\n<\/ul>\n<ul class=\"one-half\">\n<li>Sa\u011fl\u0131k De\u011feri Y\u00fcksek G\u0131dalar<\/li>\n<li>Kaliteli \u00dcr\u00fcn Tedari\u011fi<\/li>\n<\/ul>\n<p><a href=\"https:\/\/ornekyemek.com.tr\/?page_id=491\">\u0130leti\u015fim<\/a>[\/vc_column_text]\r\n\t\t<div class=\"themesflat-spacer \" data-desktop=\"30\" data-mobile=\"10\" data-smobile=\"10\">\t\t\t\r\n\t\t<\/div>[\/vc_column][\/vc_row]<\/p>\n","protected":false},"excerpt":{"rendered":"<p>[vc_row][vc_column][\/vc_column][\/vc_row][vc_row full_width=&#8221;stretch_row_content_no_spaces&#8221;][vc_column][vc_single_image image=&#8221;2302&#8243; img_size=&#8221;full&#8221; alignment=&#8221;center&#8221;][\/vc_column][\/vc_row][vc_row][vc_column][vc_column_text el_class=&#8221;about-text-box&#8221;] Hijyenik Ko\u015fularda \u00dcretim Lezzetli Yemekler Sa\u011fl\u0131k De\u011feri Y\u00fcksek G\u0131dalar Kaliteli \u00dcr\u00fcn Tedari\u011fi \u0130leti\u015fim[\/vc_column_text][\/vc_column][\/vc_row]<\/p>\n","protected":false},"author":1,"featured_media":0,"parent":0,"menu_order":0,"comment_status":"closed","ping_status":"closed","template":"tpl\/page_fullwidth.php","meta":[],"_links":{"self":[{"href":"https:\/\/ornekyemek.com.tr\/index.php?rest_route=\/wp\/v2\/pages\/2301"}],"collection":[{"href":"https:\/\/ornekyemek.com.tr\/index.php?rest_route=\/wp\/v2\/pages"}],"about":[{"href":"https:\/\/ornekyemek.com.tr\/index.php?rest_route=\/wp\/v2\/types\/page"}],"author":[{"embeddable":true,"href":"https:\/\/ornekyemek.com.tr\/index.php?rest_route=\/wp\/v2\/users\/1"}],"replies":[{"embeddable":true,"href":"https:\/\/ornekyemek.com.tr\/index.php?rest_route=%2Fwp%2Fv2%2Fcomments&post=2301"}],"version-history":[{"count":3,"href":"https:\/\/ornekyemek.com.tr\/index.php?rest_route=\/wp\/v2\/pages\/2301\/revisions"}],"predecessor-version":[{"id":2373,"href":"https:\/\/ornekyemek.com.tr\/index.php?rest_route=\/wp\/v2\/pages\/2301\/revisions\/2373"}],"wp:attachment":[{"href":"https:\/\/ornekyemek.com.tr\/index.php?rest_route=%2Fwp%2Fv2%2Fmedia&parent=2301"}],"curies":[{"name":"wp","href":"https:\/\/api.w.org\/{rel}","templated":true}]}}