{"id":605,"date":"2018-04-20T03:34:53","date_gmt":"2018-04-20T00:34:53","guid":{"rendered":"http:\/\/selimkusmez.com\/ornek\/?page_id=605"},"modified":"2021-09-13T15:13:30","modified_gmt":"2021-09-13T12:13:30","slug":"yerinde-uretim","status":"publish","type":"page","link":"https:\/\/ornekyemek.com.tr\/?page_id=605","title":{"rendered":"Yerinde \u00dcretim"},"content":{"rendered":"<p>[vc_row][vc_column]<div class=\"title-section   left \">\r\n\t\t\r\n\t\t<h2 class=\"title\" style=\"\r\n\t\t\tfont-size: 36px;\r\n\t\t\tfont-weight: 700;\r\n\t\t\tline-height: 36px;\r\n\t\t\tcolor: #111111;\r\n\t\t\tmargin-bottom: 2px;\r\n\t\t\tletter-spacing: 0px;\r\n\t\t\">\r\n\t\t\t\r\n\t\t<\/h2>\t\r\n\t\t\t\t\t\r\n\t\t\r\n\t\t\t<div class=\"title-content\" style=\"\r\n\t\t\tfont-size: 15px;\r\n\t\t\tline-height: 36px;\r\n\t\t\tcolor: #999999;\r\n\t\t\tfont-weight: 400;\r\n\t\t\tletter-spacing: 0px;\r\n\t\t\">\r\n\t\t\t\t<p>\u0130\u015fletmelerinde mutfak alan\u0131 bulunan i\u015f merkezleri, fabrika, okul, hastane, m\u00fc\u015fterilerimizin tercihi olan yerinde yemek hizmetinde, m\u00fc\u015fterimiz ile yapaca\u011f\u0131m\u0131z anla\u015fma ile beraber mutfa\u011f\u0131n yemek \u00fcretimi i\u00e7in eksiklikleri varsa bunlar, iste\u011fe g\u00f6re m\u00fc\u015fteri taraf\u0131ndan ya da \u00d6RNEK YEMEK taraf\u0131ndan giderilerek yemek \u00fcretimine uygunluk sa\u011flan\u0131r. Kafeterya ya da yemekhane gibi toplu yemek t\u00fcketilen alanlar\u0131n servise uygun hale getirilmesi, ihtiyaca g\u00f6re dekore edilmesi ve planlanmas\u0131 ger\u00e7ekle\u015ftirilir. \u00d6RNEK YEMEK, yerinde \u00fcretim hizmetiyle sizi, ta\u015f\u0131ma tabldot yemek anlay\u0131\u015f\u0131n\u0131n daha \u00f6tesine ta\u015f\u0131r ve beklentilerinizi kar\u015f\u0131layacak yerinde yemek \u00e7\u00f6z\u00fcmleri \u00fcreterek sizi ve \u00e7al\u0131\u015fanlar\u0131n\u0131z\u0131 mutlu eder.<\/p>\n<p>Konusunda tecr\u00fcbeli G\u0131da m\u00fchendisi ve G\u0131da teknikeri y\u00f6neticilerimizden olu\u015fan ekibimiz ihtiyaca ve isteklere y\u00f6nelik yerinde yemek hizmetinin HACCP \u00e7er\u00e7evesinde haz\u0131rlan\u0131p servis edilmesi i\u00e7in gerekli t\u00fcm altyap\u0131y\u0131 olu\u015fturarak \u00e7al\u0131\u015f\u0131rlar. Profesyonel A\u015f\u00e7\u0131 kadromuz da bu kurallar do\u011frultusunda damak tad\u0131n\u0131za uygun lezzetleri \u00f6zenle se\u00e7ilmi\u015f malzemelerle, titizlik i\u00e7inde haz\u0131rlayarak sizlere sunar. Men\u00fc planlama, malzeme tedarik, depolama, haz\u0131rl\u0131k, \u00fcretim ve servis a\u015famalar\u0131 tamamen sizlerin denetimindedir. Evinizin a\u015f\u00e7\u0131s\u0131 anlay\u0131\u015f\u0131 ile \u00d6ZEN\u2019le \u00e7al\u0131\u015f\u0131r \u00d6RNEK Lezzetler sunar\u0131z.<\/p>\n\r\n\t\t\t<\/div>\r\n\r\n\t<\/div>\r\n\t\t<div class=\"themesflat-spacer \" data-desktop=\"30\" data-mobile=\"10\" data-smobile=\"10\">\t\t\t\r\n\t\t<\/div>[\/vc_column][\/vc_row][vc_row full_width=&#8221;stretch_row_content_no_spaces&#8221;][vc_column][vc_single_image image=&#8221;2275&#8243; img_size=&#8221;full&#8221; alignment=&#8221;center&#8221;]\r\n\t\t<div class=\"themesflat-spacer \" data-desktop=\"30\" data-mobile=\"10\" data-smobile=\"10\">\t\t\t\r\n\t\t<\/div>[\/vc_column][\/vc_row][vc_row][vc_column][vc_column_text el_class=&#8221;about-text-box&#8221;]<\/p>\n<ul class=\"one-half\">\n<li>Hijyenik Ko\u015fularda \u00dcretim<\/li>\n<li>Lezzetli Yemekler<\/li>\n<\/ul>\n<ul class=\"one-half\">\n<li>Sa\u011fl\u0131k De\u011feri Y\u00fcksek G\u0131dalar<\/li>\n<li>Kaliteli \u00dcr\u00fcn Tedari\u011fi<\/li>\n<\/ul>\n<p><a href=\"https:\/\/ornekyemek.com.tr\/?page_id=491\">\u0130leti\u015fim<\/a>[\/vc_column_text]\r\n\t\t<div class=\"themesflat-spacer \" data-desktop=\"30\" data-mobile=\"10\" data-smobile=\"10\">\t\t\t\r\n\t\t<\/div>[\/vc_column][\/vc_row]<\/p>\n","protected":false},"excerpt":{"rendered":"<p>[vc_row][vc_column][\/vc_column][\/vc_row][vc_row full_width=&#8221;stretch_row_content_no_spaces&#8221;][vc_column][vc_single_image image=&#8221;2275&#8243; img_size=&#8221;full&#8221; alignment=&#8221;center&#8221;][\/vc_column][\/vc_row][vc_row][vc_column][vc_column_text el_class=&#8221;about-text-box&#8221;] Hijyenik Ko\u015fularda \u00dcretim Lezzetli Yemekler Sa\u011fl\u0131k De\u011feri Y\u00fcksek G\u0131dalar Kaliteli \u00dcr\u00fcn Tedari\u011fi \u0130leti\u015fim[\/vc_column_text][\/vc_column][\/vc_row]<\/p>\n","protected":false},"author":1,"featured_media":0,"parent":0,"menu_order":0,"comment_status":"closed","ping_status":"closed","template":"tpl\/page_fullwidth.php","meta":[],"_links":{"self":[{"href":"https:\/\/ornekyemek.com.tr\/index.php?rest_route=\/wp\/v2\/pages\/605"}],"collection":[{"href":"https:\/\/ornekyemek.com.tr\/index.php?rest_route=\/wp\/v2\/pages"}],"about":[{"href":"https:\/\/ornekyemek.com.tr\/index.php?rest_route=\/wp\/v2\/types\/page"}],"author":[{"embeddable":true,"href":"https:\/\/ornekyemek.com.tr\/index.php?rest_route=\/wp\/v2\/users\/1"}],"replies":[{"embeddable":true,"href":"https:\/\/ornekyemek.com.tr\/index.php?rest_route=%2Fwp%2Fv2%2Fcomments&post=605"}],"version-history":[{"count":131,"href":"https:\/\/ornekyemek.com.tr\/index.php?rest_route=\/wp\/v2\/pages\/605\/revisions"}],"predecessor-version":[{"id":2371,"href":"https:\/\/ornekyemek.com.tr\/index.php?rest_route=\/wp\/v2\/pages\/605\/revisions\/2371"}],"wp:attachment":[{"href":"https:\/\/ornekyemek.com.tr\/index.php?rest_route=%2Fwp%2Fv2%2Fmedia&parent=605"}],"curies":[{"name":"wp","href":"https:\/\/api.w.org\/{rel}","templated":true}]}}